{"id":7,"date":"2021-10-10T19:53:33","date_gmt":"2021-10-10T22:53:33","guid":{"rendered":"https:\/\/www.grupoleaodomar.org.br\/?page_id=7"},"modified":"2025-05-19T13:18:58","modified_gmt":"2025-05-19T16:18:58","slug":"sobre","status":"publish","type":"page","link":"https:\/\/www.grupoleaodomar.org.br\/index.php\/sobre\/","title":{"rendered":"Sobre"},"content":{"rendered":"\r\n<p>&nbsp;<\/p>\r\n\r\n\r\n\r\n<p><strong>O<\/strong>\u00a0<strong>Grupo Escoteiro Le\u00e3o do Mar \u2013 GELMAR\u00a0 &#8211; SC <\/strong><strong>048 &#8211; (<\/strong><a href=\"http:\/\/www.grupoleaodomar.org.br\/\"><strong>www.grupoleaodomar.org.br<\/strong><\/a><strong>)<\/strong> \u00e9 uma associa\u00e7\u00e3o de direito privado, organizada com\u00a0 fins n\u00e3o econ\u00f4micos, de car\u00e1ter educacional, ecol\u00f3gico, cultural, beneficente,\u00a0 filantr\u00f3pico e comunit\u00e1rio, destinado \u00e0 pr\u00e1tica do escotismo no n\u00edvel local, (<a href=\"https:\/\/drive.google.com\/file\/d\/1091atEI1aVKQ2n7FLG0mqUbVJcgGEGKr\/view?usp=sharing\" target=\"_blank\" rel=\"noopener\">Estatuto<\/a> e <a href=\"https:\/\/drive.google.com\/file\/d\/1EN7MPr3ilcdmgLiLxJdH768fDPKOT1xh\/view?usp=sharing\" target=\"_blank\" rel=\"noopener\">Regimento Interno<\/a>) |\u00a0 com <a href=\"https:\/\/leismunicipais.com.br\/a\/sc\/b\/balneario-camboriu\/lei-ordinaria\/2021\/458\/4574\/lei-ordinaria-n-4574-2021-declara-de-utilidade-publica-o-grupo-escoteiros-leao-do-mar?q=grupo%20escoteiro%20le%E3o%20do%20mar\" target=\"_blank\" rel=\"noopener\">utilidade p\u00fablica municipal<\/a> e\u00a0 <a href=\"http:\/\/leis.alesc.sc.gov.br\/html\/2021\/18278_2021_lei.html\">estadual<\/a> atuando na forma\u00e7\u00e3o de jovens como institui\u00e7\u00e3o de <a href=\"http:\/\/www.planalto.gov.br\/ccivil_03\/decreto-lei\/1937-1946\/Del8828.htm\">educa\u00e7\u00e3o extra-escolar<\/a>, atuando oficialmente no munic\u00edpio desde 23 de outubro 1980. Participou de importantes momentos da cidade de Balne\u00e1rio Cambori\u00fa, como no aux\u00edlio aos desabrigados das enchentes de 2008 e 1984, momentos em que auxiliou as autoridades constitu\u00eddas no socorro aos cidad\u00e3os atingidos. Neste per\u00edodo, vem exercendo papel ativo na forma\u00e7\u00e3o de melhores cidad\u00e3os e aux\u00edlio \u00e0 comunidade.<\/p>\r\n<p><a href=\"https:\/\/youtu.be\/v18Q_z_AcUA\" target=\"_blank\" rel=\"noopener\">V\u00eddeo com uma Apresenta\u00e7\u00e3o\u00a0 sobre o Grupo Escoteiro Le\u00e3o do Mar no Conselho Municipal dos Direitos da Crian\u00e7a\u00a0 e do Adolescente de Balne\u00e1rio Cambori\u00fa &#8211; CMDCA-BC em 2021 &#8211; 17min e 24seg.<\/a><\/p>\r\n<p><br \/>Em 2019\u202fo Grupo atingiu 308 inscri\u00e7\u00f5es entre crian\u00e7as, jovens de 7 a 21 anos e adultos volunt\u00e1rios, sendo portanto naquele momento o segundo maior grupo escoteiro do estado de Santa Catarina e nono maior do Brasil. A participa\u00e7\u00e3o em todos os eventos regionais, e de alguns nacionais nos \u00faltimos anos contribuiu para alcan\u00e7ar um bom reconhecimento dentro Pa\u00eds, tendo inclusive a honra de um de seus antigos membros fundadores ser eleito Diretor Executivo Presidente da UEB Nacional (Uni\u00e3o dos Escoteiros do Brasil &#8211; <a href=\"http:\/\/www.escoteiros.org.br\/\">www.escoteiros.org.br<\/a>), na d\u00e9cada de 90.<br \/><br \/><strong>Mais o que \u00e9 um grupo escoteiro ? O que\u00a0as crian\u00e7as\u00a0fazem\u00a0l\u00e1\u00a0?<\/strong><br \/><br \/>Um grupo escoteiro nada mais \u00e9 que um local onde fam\u00edlias e adultos,\u00a0de forma totalmente volunt\u00e1ria,\u00a0se re\u00fanem com o prop\u00f3sito de criar e aplicar atividades variadas para os jovens, buscando dar um complemento a\u00a0 educa\u00e7\u00e3o\u00a0familiar, escolar\u00a0\u00a0e religiosa da crian\u00e7a, preferencialmente ao ar livre.<br \/><br \/>O Grupo sempre participa de atividades sociais, c\u00edvicas, culturais, esportivas e ambientais em toda a cidade, com as mais variadas entidades, merecendo destaque algumas campanhas que participamos: Campanhas do Agasalho, Campanhas de Vacina\u00e7\u00e3o, Campanhas contra o mosquito da dengue, Plantios de \u00e1rvores, Visitas a Asilos, Visitas\u00a0 a casa de passagem e abrigo, Desfiles c\u00edvico de 7 de setembro, Desfiles c\u00edvico do dia do Munic\u00edpio, Colaboramos no Ped\u00e1gio da APAE, Colaboramos no Ped\u00e1gio da Escola de C\u00e3es Guia Ellen Keller e Visitas a Casa da Crian\u00e7a.<br \/><br \/><strong>O Escotismo<\/strong><br \/><br \/>O Escotismo surge em 1907 Londres, com o General Robert Smith Baden Powell, militar brit\u00e2nico que quando do seu retorno de suas obriga\u00e7\u00f5es ficou preocupado com o que viu nas ruas de Londres, jovens sem atividades, jogados pelas ruas e sem muita perspectiva. Ele estuda o problema, aproveita sua experi\u00eancia com viagens servindo ao Imp\u00e9rio Brit\u00e2nico, pela \u00c1frica, \u00c1sia, EUA etc&#8230; e rascunha uma proposta, que acabou se tornando o movimento escoteiro.<br \/><br \/>At\u00e9 2020 \u00e9ramos em torno de\u00a0<a href=\"https:\/\/www.scout.org\/worldwide\">54 milh\u00f5es de escoteiros no mundo<\/a>, com 171 organiza\u00e7\u00f5es nacionais, em apenas 5 pa\u00edses n\u00e3o existe movimento escoteiro, sendo eles; Andorra, Rep\u00fablica popular da China, Rep\u00fablica Popular Democr\u00e1tica da C\u00f3reia e Rep\u00fablica Democr\u00e1tica Popular do Lao.\u00a0 Todo o mundo \u00e9 gerido pelo WOSM (World Organization of the Scout Movement \u2013\u00a0<a href=\"http:\/\/www.scout.org\/\">www.scout.org<\/a> ) entidade que representa o movimento escoteiro mundial e participa desde 1947 praticamente desde a funda\u00e7\u00e3o da ONU, como ONG &#8211; Organiza\u00e7\u00e3o n\u00e3o Governamental &#8211; com status consultivo em um dos principais conselhos da ONU, o Econ\u00f4mico e Social Mundial, Rede da Juventude Emprego.<br \/><br \/>Na UNESCO &#8211; Organiza\u00e7\u00e3o das Na\u00e7\u00f5es Unidas (ONU) para a Educa\u00e7\u00e3o, a Ci\u00eancia e a Cultura, \u00e9 considerado\u00a0 como o maior movimento de educa\u00e7\u00e3o n\u00e3o formal de jovens do mundo.<br \/><br \/>O Movimento Escoteiro foi um dos pioneiros na educa\u00e7\u00e3o e preserva\u00e7\u00e3o do Meio Ambiente no mundo. Desde 1907, ano de sua funda\u00e7\u00e3o, tem alimentado, e co-educado, gera\u00e7\u00f5es de amantes da natureza,\u00a0\u00a0\u00e9 parceiro do PNUMA &#8211; Programa das Na\u00e7\u00f5es Unidas para o Meio Ambiente.<\/p>\r\n<p style=\"text-align: left;\"><br \/><strong>Hist\u00f3ria do Gelmar em BC<\/strong><br \/><br \/>Surgiu do pleito de uma crian\u00e7a, Miguel Carvalho,\u00a0 e de <a href=\"https:\/\/drive.google.com\/drive\/folders\/10EBjBtG3niBszKU17LHS6Cvaa1Fmn_cj?usp=sharing\" target=\"_blank\" rel=\"noopener\">algumas fam\u00edlias e professores, do Col\u00e9gio Estadual Jo\u00e3o Goulart,<\/a> que queriam propiciar atividades saud\u00e1veis, vari\u00e1veis e diferenciadas a seus filhos e a outros jovens de nossa cidade.<br \/><br \/>Atento, e\u00a0agindo\u00a0prontamente\u00a0para atender\u00a0essa demanda,\u00a0o Lions Clube Le\u00e3o do Mar apoiou a cria\u00e7\u00e3o\u00a0do\u00a0grupo, organizando os primeiros\u00a0procedimentos visando a sua cria\u00e7\u00e3o,\u00a0convidando a dire\u00e7\u00e3o regional escoteira, e marcando as reuni\u00f5es necess\u00e1rias\u00a0para\u00a0informar as fam\u00edlias interessadas.<br \/><br \/>O curta\u00a0<strong>&#8220;Como Tudo Aconteceu: Uma Breve Hist\u00f3ria do Le\u00e3o do Mar&#8221;<\/strong> \u00e9 uma produ\u00e7\u00e3o da Alcateia Wainganga do Grupo Escoteiro Le\u00e3o do Mar 48\/SC para edi\u00e7\u00e3o 2016 do Festival Le\u00e3ozito de Ouro. &#8220;Como tudo aconteceu: uma breve hist\u00f3ria do Le\u00e3o do Mar&#8221; Vc sabe como surgiu o Grupo escoteiro Le\u00e3o do Mar? Conhece um pouco da hist\u00f3ria das sedes por onde o grupo passou em Balne\u00e1rio Cambori\u00fa? Baseado em fatos reais, com fotos e reportagens de jornais da \u00e9poca, nosso filme, que tamb\u00e9m \u00e9 uma homenagem ao cinema mudo, responde estas quest\u00f5es.<br \/><br \/><\/p>\r\n<p><\/p>\r\n<p style=\"text-align: center;\"><iframe title=\"YouTube video player\" src=\"https:\/\/www.youtube.com\/embed\/MiPSDWuNTQk\" width=\"560\" height=\"315\" frameborder=\"0\" allowfullscreen=\"allowfullscreen\"><\/iframe><\/p>\r\n\r\n\r\n\r\n<p style=\"text-align: center;\">\u00a0<\/p>\r\n\r\n\r\n\r\n<p style=\"text-align: center;\">\u00a0<\/p>\r\n\r\n\r\n\r\n<p>&nbsp;<\/p>\r\n\r\n\r\n\r\n<h3 style=\"text-align: center;\"><strong>Links importantes:<\/strong><\/h3>\r\n\r\n\r\n\r\n<p>&nbsp;<\/p>\r\n\r\n\r\n\r\n<p><strong>Site do Grupo<\/strong> &#8211; <a href=\"http:\/\/grupoleaodomar.org.br\/\">http:\/\/grupoleaodomar.org.br\/<\/a><\/p>\r\n\r\n\r\n\r\n\r\n\r\n<p><strong>P\u00e1gina do Grupo no Face<\/strong> &#8211; <a href=\"https:\/\/www.facebook.com\/gelmarsc\">https:\/\/www.facebook.com\/gelmarsc<\/a>\u00a0<\/p>\r\n\r\n\r\n\r\n<p><strong>P\u00e1gina do Grupo no Instagram<\/strong> &#8211; <a href=\"https:\/\/www.instagram.com\/leaodomaroficial048\/\" target=\"_blank\" rel=\"noopener\">https:\/\/www.instagram.com\/leaodomaroficial048\/<\/a><\/p>\r\n<p><a href=\"https:\/\/www.instagram.com\/leao_do_mar_oficial\/\">https:\/\/www.instagram.com\/leao_do_mar_oficial\/<\/a>\u00a0<\/p>\r\n<p>&nbsp;<\/p>\r\n\r\n\r\n\r\n<p style=\"text-align: left;\"><strong><a href=\"https:\/\/drive.google.com\/file\/d\/1pqqQSYlTuM94STYnsPrGS85oU3Utc0ks\/view?usp=sharing\" target=\"_blank\" rel=\"noopener\">Livro com a hist\u00f3ria do Grupo<\/a> &#8211;\u00a0<\/strong><\/p>\r\n<p style=\"text-align: left;\"><strong><a href=\"https:\/\/www.facebook.com\/gelmarsc48\" target=\"_blank\" rel=\"noopener\">Grupo Escoteiro Le\u00e3o do Mar &#8211; Mem\u00f3rias<\/a>\u00a0&#8211;<\/strong>Endere\u00e7o utilizado para apoiar as pesquisas para a constru\u00e7\u00e3o do projeto do livro do grupo.<\/p>\r\n<p>&nbsp;<\/p>\r\n<p><a href=\"https:\/\/www.escoteiros.org.br\/wp-content\/uploads\/2024\/08\/Chamada_aberta_experiencia_piloto_ramo_filhotes_ok.pdf\" target=\"_blank\" rel=\"noopener\">Ramo Filhotes<\/a> &#8211; idade dos 5 aos 6,5 anos<\/p>\r\n<p>Um dos doze grupos escoteiros selecionados para o estudo do projeto no Brasil<\/p>\r\n<p>&nbsp;<\/p>\r\n<p><strong>Ramo Lobo\u00a0 &#8211; idade 6,5 a 10,5 anos<\/strong><\/p>\r\n<p><a style=\"background-color: var(--global--color-background); font-family: var(--global--font-secondary); font-size: var(--global--font-size-base);\" href=\"https:\/\/instagram.com\/lobogris48sc?igshid=YmMyMTA2M2Y=\" target=\"_blank\" rel=\"noopener\">Alcat\u00e9ia Lobo Gris<\/a><\/p>\r\n<p><a style=\"background-color: var(--global--color-background); font-family: var(--global--font-secondary); font-size: var(--global--font-size-base);\" href=\"https:\/\/instagram.com\/alcateiawainganga?igshid=YmMyMTA2M2Y=\" target=\"_blank\" rel=\"noopener\">Alcat\u00e9ia Wainganga<\/a><\/p>\r\n<p><a style=\"background-color: var(--global--color-background); font-family: var(--global--font-secondary); font-size: var(--global--font-size-base);\" href=\"https:\/\/instagram.com\/loboguara048?igshid=YmMyMTA2M2Y=\" target=\"_blank\" rel=\"noopener\">Alcat\u00e9ia Lobo Guar\u00e1<\/a><\/p>\r\n<div>\r\n<p>&nbsp;<\/p>\r\n<\/div>\r\n<p><strong>Ramo Escoteiro &#8211; idade 10,5\u00a0 a 14,5 anos<\/strong><\/p>\r\n<p><a href=\"https:\/\/www.instagram.com\/48tropatudo\/?igshid=YmMyMTA2M2Y=\" target=\"_blank\" rel=\"noopener\">Tropa Tudo<\/a><\/p>\r\n<p><a style=\"background-color: var(--global--color-background); font-family: var(--global--font-secondary); font-size: var(--global--font-size-base);\" href=\"https:\/\/instagram.com\/tropacarvalhogelmar?igshid=YmMyMTA2M2Y=\" target=\"_blank\" rel=\"noopener\">Tropa Carvalho<\/a><\/p>\r\n<p><a href=\"https:\/\/www.instagram.com\/tropapassarosbravos?igsh=MXh3aTZhd3llcXJpbQ==\" target=\"_blank\" rel=\"noopener\">Tropa Passaros Bravos<\/a><\/p>\r\n<div>\r\n<p>&nbsp;<\/p>\r\n<\/div>\r\n<p><strong>Ramo S\u00eanior &#8211; idade 14,5 a 17,5 anos<\/strong><\/p>\r\n<div><a href=\"https:\/\/instagram.com\/tropaseniorkilimanjaro48?igshid=YmMyMTA2M2Y=\" target=\"_blank\" rel=\"noopener\">Tropa Kilimanjaro\u00a0<\/a><\/div>\r\n<p>&nbsp;<\/p>\r\n<p><strong>Ramo Pioneiro &#8211; idade 17,5 a 21 anos<\/strong><\/p>\r\n<div><a href=\"https:\/\/www.instagram.com\/reel\/C-3Fcz8Rkgm\/\" target=\"_blank\" rel=\"noopener\">Cl\u00e3 Bob Marley<\/a><\/div>\r\n<div>\u00a0<\/div>\r\n<div>\u00a0<\/div>\r\n<div>\u00a0<\/div>\r\n<p><strong>Delega\u00e7\u00e3o para o Jamboree ago\/2023 na Cor\u00e9ia do Sul<\/strong><\/p>\r\n<div><a href=\"https:\/\/instagram.com\/gelmar.jamboree23?igshid=YmMyMTA2M2Y=\" target=\"_blank\" rel=\"noopener\">Delega\u00e7\u00e3o GELMAR SC-048<\/a>\u00a0<\/div>\r\n<div>\u00a0<\/div>\r\n<p>&nbsp;<\/p>\r\n<p style=\"text-align: left;\"><strong><a href=\"https:\/\/calendar.google.com\/calendar\/u\/0\/r?cid=NzlsZnRoZXFscG5rdnFwa2Z0dXEyYzBpb3NAZ3JvdXAuY2FsZW5kYXIuZ29vZ2xlLmNvbQ\">Agenda do Grupo no Google<\/a> \u00a0<\/strong><\/p>\r\n<p style=\"text-align: center;\">\u00a0<\/p>\r\n<p style=\"text-align: left;\"><strong><a href=\"http:\/\/gelmarsc048.blogspot.com.br\/\">Diretorias Anteriores<\/a>\u00a0<\/strong><\/p>\r\n<p style=\"text-align: left;\">\r\n\r\n<\/p>\r\n<p style=\"text-align: left;\"><strong><a href=\"http:\/\/grupoleaodomar.blogspot.com.br\/\">Diretoria 2017\/18<\/a><\/strong><\/p>\r\n<p style=\"text-align: center;\">\u00a0<\/p>\r\n\r\n\r\n\r\n<p><strong>WOSM \u2013 World Organization of Scout Movement Scout<\/strong> <a href=\"https:\/\/www.scout.org\/\">https:\/\/www.scout.org\/<\/a><\/p>\r\n\r\n\r\n\r\n<p>\u00a0 \u00a0 \u00a0 \u00a0 \u00a0 \u00a0 <a href=\"https:\/\/www.scout.org\/node\/521065\" target=\"_blank\" rel=\"noopener\">Link para os dados do Grupo no Site da WOSM<\/a><\/p>\r\n<p><strong>Uni\u00e3o dos Escoteiros do Brasil<\/strong> <a href=\"https:\/\/www.escoteiros.org.br\/\">https:\/\/www.escoteiros.org.br\/<\/a><\/p>\r\n\r\n\r\n\r\n<p>&nbsp;<\/p>\r\n<p><strong>Uni\u00e3o dos Escoteiros do Brasil<\/strong> \u2013 <strong>Regi\u00e3o Santa Catarina<\/strong> &#8211; <a href=\"http:\/\/www.escoteirossc.org.br\/site\/\">http:\/\/www.escoteirossc.org.br\/site\/<\/a><\/p>\r\n\r\n\r\n\r\n<p>&nbsp;<\/p>\r\n<p><strong>Distrito Escoteiro Litoral \u2013 SC<\/strong> &#8211; <a href=\"http:\/\/distritolitoral.blogspot.com\/\">http:\/\/distritolitoral.blogspot.com\/<\/a><\/p>\r\n\r\n\r\n\r\n\r\n\r\n\r\n\r\n\r\n\r\n<p>&nbsp;<\/p>\r\n<p><a href=\"https:\/\/www.youtube.com\/watch?v=GWMx826cssE\" target=\"_blank\" rel=\"noopener\">PROJETO &#8211; ACAMPADOWN<\/a><\/p>\r\n<p><a href=\"https:\/\/www.youtube.com\/watch?v=7OJXX-cPUGA\" target=\"_blank\" rel=\"noopener\">1\u00ba ACAMPADOWN 2014<\/a><\/p>\r\n<p><a href=\"https:\/\/www.youtube.com\/watch?v=l8oEUoeKhNc\" target=\"_blank\" rel=\"noopener\">2\u00ba ACAMPADOWN 2015<\/a><\/p>\r\n<p><a href=\"https:\/\/www.youtube.com\/watch?v=12ZjXE2JDkY\" target=\"_blank\" rel=\"noopener\">5\u00ba ACAMPADOWN 2019<\/a><\/p>\r\n<p><a href=\"https:\/\/sdgs.scout.org\/project\/acampadown-amor-pra-down-cla-bob-marleygrupo-escoteiro-leao-do-mar\" target=\"_blank\" rel=\"noopener\">Registro do Projeto no Bureau Mundial do Movimento Escoteiro<\/a><\/p>\r\n<h2>\u00a0<\/h2>\r\n<h2>Links relacionados ao Grupo:<\/h2>\r\n<p>Facebook<\/p>\r\n<p><a href=\"https:\/\/www.facebook.com\/gelmarsc48\" target=\"_blank\" rel=\"noopener\">Grupo Escoteiro Le\u00e3o do Mar &#8211; Mem\u00f3rias<\/a> &#8211;\u00a0 ( Criado para auxiliar nas pesquisas para a confec\u00e7\u00e3o do livro do GELMAR.\u00a0<\/p>\r\n<p>&nbsp;<\/p>\r\n<p>&nbsp;<\/p>\r\n<p>Drives e Outros :<\/p>\r\n<p><a href=\"https:\/\/goo.gl\/photos\/HbhfLqAwfJaCF8gk7\" target=\"_blank\" rel=\"noopener\">Drive com Certificados e Documentos Antigos do Grupo<\/a>\u00a0\u00a0<\/p>\r\n<p><a href=\"https:\/\/goo.gl\/photos\/GkgfkhgUbuDzpPHh9\" target=\"_blank\" rel=\"noopener\">Drive com Fotos Antigas do Grupo &#8211; Albuns Digitalizados<\/a><\/p>\r\n<p><a href=\"https:\/\/photos.app.goo.gl\/u9Evt4nqxPN3stJU6\" target=\"_blank\" rel=\"noopener\">Drive com Fotos Antigas do Grupo &#8211; Fotos Digitalizadas<\/a><\/p>\r\n<p><a href=\"https:\/\/photos.app.goo.gl\/DASiF3Vgd7A7tKfW8\" target=\"_blank\" rel=\"noopener\">Drive com Fotos de Resumo Hist\u00f3rico Grupo &#8211; Livro de Atas do Lions \u00a0<\/a><\/p>\r\n<p><a href=\"https:\/\/goo.gl\/photos\/HbhfLqAwfJaCF8gk7\" target=\"_blank\" rel=\"noopener\">Drive com Certificados de Participa\u00e7\u00e3o de Atividades do Grupo<\/a><\/p>\r\n<p>&nbsp;<\/p>\r\n<p>&nbsp;<\/p>\r\n<p>Videos:<\/p>\r\n<p><a href=\"https:\/\/www.youtube.com\/channel\/UCtLg9gRz5efnxJb5pkylQWw\" target=\"_blank\" rel=\"noopener\">Canal de Video do Grupo Escoteiro Le\u00e3o do Mar Atual<\/a><\/p>\r\n<p><a href=\"https:\/\/www.youtube.com\/user\/jmpn22\/videos\" target=\"_blank\" rel=\"noopener\">Canal de Videos Antigos do Grupo Escoteiro Le\u00e3o do Mar 1<\/a>\u00a0<\/p>\r\n<p><a href=\"https:\/\/www.youtube.com\/channel\/UC_MUgvpyNY0O67_cq6GC6dg\/videos\" target=\"_blank\" rel=\"noopener\">Canal de Videos Antigos do Grupo Escoteiro Le\u00e3o do Mar 2<\/a><\/p>\r\n<p>&nbsp;<\/p>\r\n<p><a href=\"https:\/\/youtu.be\/OOWlyMUZKbo\" target=\"_blank\" rel=\"noopener\">Defesa da Lei de Utilidade P\u00fablica &#8211; Grupo Escoteiro Le\u00e3o do Mar &#8211; 2021<\/a><\/p>\r\n<p>&nbsp;<\/p>\r\n<p><a href=\"https:\/\/gelmarsc048.blogspot.com\/2016\/02\/inscricao-leaozito-de-ouro-caso-de.html\" target=\"_blank\" rel=\"noopener\">Le\u00e3ozito de Ouro &#8211; Festival de Cinema e Videos do Grupo Escoteiro Le\u00e3o do Mar<\/a><\/p>\r\n<p>&nbsp;<\/p>\r\n<p><a href=\"https:\/\/youtu.be\/JBEVEcOYAEI?t\" target=\"_blank\" rel=\"noopener\">Hist\u00f3ria do Grupo &#8211; Entrevista com a Sra Anast\u00e1cia Carvalho<\/a>\u00a0<\/p>\r\n<p>&nbsp;<\/p>\r\n<p><a href=\"https:\/\/www.youtube.com\/watch?v=6Qnr2aNfq2E\" target=\"_blank\" rel=\"noopener\">Hist\u00f3ria do Grupo &#8211; Entrevista com a Sra Carmelita Hamm<\/a><\/p>\r\n<p>&nbsp;<\/p>\r\n<p><a href=\"https:\/\/www.youtube.com\/watch?v=pq6Q0eW0LwY\" target=\"_blank\" rel=\"noopener\">Centen\u00e1rio do Movimento Escoteiro em Santa Catarina\u00a0<\/a><\/p>\r\n<p>&nbsp;<\/p>\r\n<p>Videos do Chefe Escoteiro Fabio Santos Souza:<\/p>\r\n<p><a href=\"https:\/\/www.youtube.com\/watch?v=A2VgAvDfIjY\" target=\"_blank\" rel=\"noopener\">1 &#8211; Jornada Cicl\u00edstica Tropa Todas &#8211; Ramo S\u00eanior<\/a>\u00a0<br \/><a href=\"https:\/\/youtu.be\/29-6GNH8UNQ\" target=\"_blank\" rel=\"noopener\">2- Jornada Cicl\u00edstica Pioneiros<\/a>\u00a0<br \/><a href=\"https:\/\/youtu.be\/XFeHHuhRJmw\" target=\"_blank\" rel=\"noopener\">3 &#8211; ARSC 2013 Rio Negrinho &#8211; Tropa Todas<\/a>\u00a0<br \/><a href=\"https:\/\/youtu.be\/OVthY4tp114\" target=\"_blank\" rel=\"noopener\">4 &#8211; Aventura S\u00eanior Nacional 2013 &#8211; Segundo 48 SC G.E. Le\u00e3o do Mar<\/a>\u00a0<br \/><a href=\"https:\/\/youtu.be\/dV8ckf0VjWE\" target=\"_blank\" rel=\"noopener\">5- Eco Challenge 2013 &#8211; Pela vis\u00e3o do G.E. Le\u00e3o do Mar<\/a>\u00a0<br \/><a href=\"https:\/\/youtu.be\/-o2aF768j2M\" target=\"_blank\" rel=\"noopener\">6 &#8211; Jangada Ecol\u00f3gica 2013 &#8211; G.E. Le\u00e3o do Mar<\/a>\u00a0<br \/><a href=\"https:\/\/youtu.be\/RYXElNpy7wI\" target=\"_blank\" rel=\"noopener\">7- Jantar 33 anos 2 + an\u00e1lise de fotos<\/a>\u00a0<br \/><a href=\"https:\/\/youtu.be\/yZB9s9Z2ADk\" target=\"_blank\" rel=\"noopener\">8 &#8211; Lendas de Acampamento &#8211; A Lenda de Dark B P<\/a>\u00a0<br \/><a href=\"https:\/\/youtu.be\/R-Bwz-7e7n4\" target=\"_blank\" rel=\"noopener\">9 &#8211; Mutir\u00e3o Regional Pioneiro &#8211; Rio do Sul &#8211; SC 2014<\/a>\u00a0<br \/><a href=\"https:\/\/youtu.be\/PaU1Am30KJY\" target=\"_blank\" rel=\"noopener\">10 &#8211; Jornada Ecol\u00f3gica Escoteira 2014 &#8211; Distrito Litoral<\/a>\u00a0<\/p>\r\n<p>&nbsp;<\/p>\r\n<p>&nbsp;<\/p>\r\n<p>&nbsp;<\/p>\r\n<p>&nbsp;<\/p>\r\n","protected":false},"excerpt":{"rendered":"<p>&nbsp; O\u00a0Grupo Escoteiro Le\u00e3o do Mar \u2013 GELMAR\u00a0 &#8211; SC 048 &#8211; (www.grupoleaodomar.org.br) \u00e9 uma associa\u00e7\u00e3o de direito privado, organizada com\u00a0 fins n\u00e3o econ\u00f4micos, de car\u00e1ter educacional, ecol\u00f3gico, cultural, beneficente,\u00a0 filantr\u00f3pico e comunit\u00e1rio, destinado \u00e0 pr\u00e1tica do escotismo no n\u00edvel local, (Estatuto e Regimento Interno) |\u00a0 com utilidade p\u00fablica municipal e\u00a0 estadual atuando na forma\u00e7\u00e3o&hellip; <a class=\"more-link\" href=\"https:\/\/www.grupoleaodomar.org.br\/index.php\/sobre\/\">Continuar lendo <span class=\"screen-reader-text\">Sobre<\/span><\/a><\/p>\n","protected":false},"author":1,"featured_media":203,"parent":0,"menu_order":0,"comment_status":"closed","ping_status":"closed","template":"","meta":{"footnotes":""},"class_list":["post-7","page","type-page","status-publish","has-post-thumbnail","hentry","entry"],"_links":{"self":[{"href":"https:\/\/www.grupoleaodomar.org.br\/index.php\/wp-json\/wp\/v2\/pages\/7","targetHints":{"allow":["GET"]}}],"collection":[{"href":"https:\/\/www.grupoleaodomar.org.br\/index.php\/wp-json\/wp\/v2\/pages"}],"about":[{"href":"https:\/\/www.grupoleaodomar.org.br\/index.php\/wp-json\/wp\/v2\/types\/page"}],"author":[{"embeddable":true,"href":"https:\/\/www.grupoleaodomar.org.br\/index.php\/wp-json\/wp\/v2\/users\/1"}],"replies":[{"embeddable":true,"href":"https:\/\/www.grupoleaodomar.org.br\/index.php\/wp-json\/wp\/v2\/comments?post=7"}],"version-history":[{"count":59,"href":"https:\/\/www.grupoleaodomar.org.br\/index.php\/wp-json\/wp\/v2\/pages\/7\/revisions"}],"predecessor-version":[{"id":830,"href":"https:\/\/www.grupoleaodomar.org.br\/index.php\/wp-json\/wp\/v2\/pages\/7\/revisions\/830"}],"wp:featuredmedia":[{"embeddable":true,"href":"https:\/\/www.grupoleaodomar.org.br\/index.php\/wp-json\/wp\/v2\/media\/203"}],"wp:attachment":[{"href":"https:\/\/www.grupoleaodomar.org.br\/index.php\/wp-json\/wp\/v2\/media?parent=7"}],"curies":[{"name":"wp","href":"https:\/\/api.w.org\/{rel}","templated":true}]}}